{"id":633,"date":"2016-10-06T22:53:58","date_gmt":"2016-10-06T20:53:58","guid":{"rendered":"http:\/\/localhost:8888\/wordpress\/?page_id=633"},"modified":"2017-02-19T22:10:49","modified_gmt":"2017-02-19T21:10:49","slug":"formules","status":"publish","type":"page","link":"https:\/\/www.zagreb.jazztzigane.com\/index.php\/formules\/","title":{"rendered":"Le groupe"},"content":{"rendered":"\n<style type=\"text\/css\" data-created_by=\"avia_inline_auto\" id=\"style-css-av-av_section-74f68c851bf427decc6b0ac98c084eaa\">\n.avia-section.av-av_section-74f68c851bf427decc6b0ac98c084eaa .av-parallax .av-parallax-inner{\nbackground-color:#f8f8f8;\nbackground-image:url(https:\/\/www.zagreb.jazztzigane.com\/wp-content\/uploads\/2016\/10\/concert-groupe-live-prestation-evenementielle.jpg);\nbackground-repeat:no-repeat;\nbackground-position:100% 50%;\nbackground-attachment:scroll;\n}\n<\/style>\n<div id='av_section_1'  class='avia-section av-av_section-74f68c851bf427decc6b0ac98c084eaa main_color avia-section-large avia-no-border-styling  avia-builder-el-0  el_before_av_section  avia-builder-el-first  avia-full-stretch av-parallax-section avia-bg-style-parallax av-minimum-height av-minimum-height-75 av-height-75  container_wrap sidebar_right'  data-section-bg-repeat='stretch' data-av_minimum_height_pc='75' data-av_min_height_opt='75'><div class='av-parallax' data-avia-parallax-ratio='0.3' ><div class='av-parallax-inner main_color avia-full-stretch'><\/div><\/div><div class=\"av-section-color-overlay-wrap\"><a href='#next-section' title='' class='scroll-down-link ' aria-hidden='true' data-av_icon='\ue877' data-av_iconfont='entypo-fontello'><\/a><div class='container av-section-cont-open' ><main  role=\"main\" itemprop=\"mainContentOfPage\"  class='template-page content  av-content-small alpha units'><div class='post-entry post-entry-type-page post-entry-633'><div class='entry-content-wrapper clearfix'>\n\n<style type=\"text\/css\" data-created_by=\"avia_inline_auto\" id=\"style-css-av-av_three_fifth-d202f183b84dceb81b5e84720614569c\">\n#top .flex_column.av-av_three_fifth-d202f183b84dceb81b5e84720614569c{\nmargin-top:0px;\nmargin-bottom:150px;\n}\n.flex_column.av-av_three_fifth-d202f183b84dceb81b5e84720614569c{\nborder-radius:0px 0px 0px 0px;\npadding:0px 0px 0px 0px;\n}\n.responsive #top #wrap_all .flex_column.av-av_three_fifth-d202f183b84dceb81b5e84720614569c{\nmargin-top:0px;\nmargin-bottom:150px;\n}\n<\/style>\n<div  class='flex_column av-av_three_fifth-d202f183b84dceb81b5e84720614569c av_three_fifth  avia-builder-el-1  el_before_av_two_fifth  avia-builder-el-first  first flex_column_div av-zero-column-padding  '     ><\/div>\n<style type=\"text\/css\" data-created_by=\"avia_inline_auto\" id=\"style-css-av-av_two_fifth-6bb9460adc72abd6675a8e7fd95af864\">\n#top .flex_column.av-av_two_fifth-6bb9460adc72abd6675a8e7fd95af864{\nmargin-top:0px;\nmargin-bottom:150px;\n}\n.flex_column.av-av_two_fifth-6bb9460adc72abd6675a8e7fd95af864{\nborder-radius:10px 10px 10px 10px;\npadding:30px 30px 30px 30px;\nbackground-color:rgba(255,255,255,0.13);\n}\n.responsive #top #wrap_all .flex_column.av-av_two_fifth-6bb9460adc72abd6675a8e7fd95af864{\nmargin-top:0px;\nmargin-bottom:150px;\n}\n<\/style>\n<div  class='flex_column av-av_two_fifth-6bb9460adc72abd6675a8e7fd95af864 av_two_fifth  avia-builder-el-2  el_after_av_three_fifth  avia-builder-el-last  flex_column_div  '     ><style type=\"text\/css\" data-created_by=\"avia_inline_auto\" id=\"style-css-av-av_heading-a969eb6fed743f8657479b17e026a42a\">\n#top .av-special-heading.av-av_heading-a969eb6fed743f8657479b17e026a42a{\npadding-bottom:0;\ncolor:#4ecac2;\n}\nbody .av-special-heading.av-av_heading-a969eb6fed743f8657479b17e026a42a .av-special-heading-tag .heading-char{\nfont-size:25px;\n}\n.av-special-heading.av-av_heading-a969eb6fed743f8657479b17e026a42a .special-heading-inner-border{\nborder-color:#4ecac2;\n}\n.av-special-heading.av-av_heading-a969eb6fed743f8657479b17e026a42a .av-subheading{\nfont-size:15px;\n}\n<\/style>\n<div  class='av-special-heading av-av_heading-a969eb6fed743f8657479b17e026a42a av-special-heading-h1 custom-color-heading blockquote modern-quote  avia-builder-el-3  avia-builder-el-no-sibling '><h1 class='av-special-heading-tag'  itemprop=\"headline\"  >L\u2019orchestre de jazz manouche Zagreb Quartet<\/h1><div class='av_custom_color av-subheading av-subheading_below'><p>Voici la pr\u00e9sentation du groupe de jazz manouche Zagreb Quartet pour votre mariage ou vos r\u00e9ceptions et des diff\u00e9rentes formules possibles, avec chanteuse ou violoniste. Du duo au quintet pour personnaliser vos \u00e9v\u00e9nements.<\/p>\n<\/div><div class=\"special-heading-border\"><div class=\"special-heading-inner-border\"><\/div><\/div><\/div><\/div>\n\n<\/div><\/div><\/main><!-- close content main element --><\/div><\/div><\/div>\n<style type=\"text\/css\" data-created_by=\"avia_inline_auto\" id=\"style-css-av-av_section-b85f273e434836abeec529b4fcfb44a0\">\n.avia-section.av-av_section-b85f273e434836abeec529b4fcfb44a0{\nbackground-color:#ffffff;\nbackground-image:unset;\n}\n<\/style>\n<div id='av_section_2'  class='avia-section av-av_section-b85f273e434836abeec529b4fcfb44a0 alternate_color avia-section-huge avia-no-border-styling  avia-builder-el-4  el_after_av_section  el_before_av_section  avia-bg-style-parallax container_wrap sidebar_right'  ><div class='container av-section-cont-open' ><div class='template-page content  av-content-small alpha units'><div class='post-entry post-entry-type-page post-entry-633'><div class='entry-content-wrapper clearfix'>\n\n<style type=\"text\/css\" data-created_by=\"avia_inline_auto\" id=\"style-css-av-av_heading-a817f9ffea91fdc3ca927d7e6217fed8\">\n#top .av-special-heading.av-av_heading-a817f9ffea91fdc3ca927d7e6217fed8{\npadding-bottom:90px;\ncolor:#0a0a0a;\n}\nbody .av-special-heading.av-av_heading-a817f9ffea91fdc3ca927d7e6217fed8 .av-special-heading-tag .heading-char{\nfont-size:25px;\n}\n.av-special-heading.av-av_heading-a817f9ffea91fdc3ca927d7e6217fed8 .special-heading-inner-border{\nborder-color:#0a0a0a;\n}\n.av-special-heading.av-av_heading-a817f9ffea91fdc3ca927d7e6217fed8 .av-subheading{\nfont-size:15px;\n}\n<\/style>\n<div  class='av-special-heading av-av_heading-a817f9ffea91fdc3ca927d7e6217fed8 av-special-heading-h1 custom-color-heading blockquote modern-quote modern-centered  avia-builder-el-5  el_before_av_one_fourth  avia-builder-el-first '><h1 class='av-special-heading-tag'  itemprop=\"headline\"  >Le groupe jazz manouche Zagreb pour votre mariage<\/h1><div class=\"special-heading-border\"><div class=\"special-heading-inner-border\"><\/div><\/div><\/div>\n\n<style type=\"text\/css\" data-created_by=\"avia_inline_auto\" id=\"style-css-av-av_one_fourth-773d35676852c17cc65d0de017922ac5\">\n.flex_column.av-av_one_fourth-773d35676852c17cc65d0de017922ac5{\nborder-radius:15px 15px 15px 15px;\npadding:0px 0px 0px 0px;\n}\n<\/style>\n<div  class='flex_column av-av_one_fourth-773d35676852c17cc65d0de017922ac5 av_one_fourth  avia-builder-el-6  el_after_av_heading  el_before_av_one_fourth  first flex_column_div av-zero-column-padding  '     ><section  class='avia-team-member av-av_team_member-ae341dbd0daca9585f072b38ea848efc  avia-builder-el-7  avia-builder-el-no-sibling '  itemscope=\"itemscope\" itemtype=\"https:\/\/schema.org\/Person\" ><div class=\"team-img-container\"><img decoding=\"async\" class='wp-image-776 avia-img-lazy-loading-not-776 avia_image avia_image_team' src=\"https:\/\/www.zagreb.jazztzigane.com\/wp-content\/uploads\/2016\/10\/guitariste-jazz-manouche-frederic-simon.jpg\" alt='Fr\u00e9d\u00e9ric Simon'  itemprop=\"image\"   height=\"700\" width=\"700\" srcset=\"https:\/\/www.zagreb.jazztzigane.com\/wp-content\/uploads\/2016\/10\/guitariste-jazz-manouche-frederic-simon.jpg 700w, https:\/\/www.zagreb.jazztzigane.com\/wp-content\/uploads\/2016\/10\/guitariste-jazz-manouche-frederic-simon-80x80.jpg 80w, https:\/\/www.zagreb.jazztzigane.com\/wp-content\/uploads\/2016\/10\/guitariste-jazz-manouche-frederic-simon-300x300.jpg 300w, https:\/\/www.zagreb.jazztzigane.com\/wp-content\/uploads\/2016\/10\/guitariste-jazz-manouche-frederic-simon-36x36.jpg 36w, https:\/\/www.zagreb.jazztzigane.com\/wp-content\/uploads\/2016\/10\/guitariste-jazz-manouche-frederic-simon-180x180.jpg 180w, https:\/\/www.zagreb.jazztzigane.com\/wp-content\/uploads\/2016\/10\/guitariste-jazz-manouche-frederic-simon-120x120.jpg 120w, https:\/\/www.zagreb.jazztzigane.com\/wp-content\/uploads\/2016\/10\/guitariste-jazz-manouche-frederic-simon-450x450.jpg 450w\" sizes=\"(max-width: 700px) 100vw, 700px\" \/><div class=\"team-social\"><div class=\"team-social-inner\"><span class='hidden av_member_url_markup facebook'  itemprop=\"url\" >https:\/\/www.facebook.com\/zagreb.quartet<\/span><a href='https:\/\/www.facebook.com\/zagreb.quartet' class='avia-team-icon av-av_team_icon-c51095a758a225bfb8d8cacae411afc3 facebook' rel='v:url' data-avia-tooltip=\"Check me on Facebook\"  aria-hidden='true' data-av_icon='\ue8f3' data-av_iconfont='entypo-fontello'><\/a><span class='hidden av_member_url_markup youtube'  itemprop=\"url\" >https:\/\/www.youtube.com\/channel\/UCsF5Jdu4PqoXuMTehZWtykg<\/span><a href='https:\/\/www.youtube.com\/channel\/UCsF5Jdu4PqoXuMTehZWtykg' class='avia-team-icon av-av_team_icon-76271fcbdd70fc983c0ea21ca2eb6e17 youtube' rel='v:url' data-avia-tooltip=\"Youtube\"  aria-hidden='true' data-av_icon='\ue921' data-av_iconfont='entypo-fontello'><\/a><\/div><\/div><\/div><h3 class='team-member-name '  itemprop=\"name\" >Fr\u00e9d\u00e9ric Simon<\/h3><div class='team-member-job-title '  itemprop=\"jobTitle\" >Guitariste<\/div><div class='team-member-description '  itemprop=\"description\" ><p>Co-fondateur de Zagreb avec son complice J\u00e9rome Rapicault, passionn\u00e9 d\u2018improvisation instrumentale, r\u00e9sidant \u00e0 Paris, il a eu la chance d\u2019apprendre le jazz manouche avec des ma\u00eetres du genre tel que Pierre Kalmo Barr\u00e9 et Serges Krief et a poursuivit son apprentissage apr\u00e8s de Fr\u00e9d\u00e9ric Favarel en jazz moderne, au conservatoire de Noisiel. Il participe entre autres aux groupes Gypsy Cooker et Manouche Project. Il est \u00e9galement com\u00e9dien.<\/p>\n<\/div><span class='hidden team-member-affiliation'  itemprop=\"affiliation\" >Jazz manouche mariage Zagreb Quartet<\/span><\/section><\/div>\n<style type=\"text\/css\" data-created_by=\"avia_inline_auto\" id=\"style-css-av-av_one_fourth-a81b2ee2cf526f228d4827e8b57301c8\">\n.flex_column.av-av_one_fourth-a81b2ee2cf526f228d4827e8b57301c8{\nborder-radius:15px 15px 15px 15px;\npadding:0px 0px 0px 0px;\n}\n<\/style>\n<div  class='flex_column av-av_one_fourth-a81b2ee2cf526f228d4827e8b57301c8 av_one_fourth  avia-builder-el-8  el_after_av_one_fourth  el_before_av_one_fourth  flex_column_div av-zero-column-padding  '     ><section  class='avia-team-member av-av_team_member-d3d67219e8944182a50a16675e9183ea  avia-builder-el-9  avia-builder-el-no-sibling '  itemscope=\"itemscope\" itemtype=\"https:\/\/schema.org\/Person\" ><div class=\"team-img-container\"><img decoding=\"async\" class='wp-image-777 avia-img-lazy-loading-not-777 avia_image avia_image_team' src=\"https:\/\/www.zagreb.jazztzigane.com\/wp-content\/uploads\/2016\/10\/guitare-jazz-manouche-jerome-rapicault.jpg\" alt='J\u00e9rome Rapicault'  itemprop=\"image\"   height=\"700\" width=\"700\" srcset=\"https:\/\/www.zagreb.jazztzigane.com\/wp-content\/uploads\/2016\/10\/guitare-jazz-manouche-jerome-rapicault.jpg 700w, https:\/\/www.zagreb.jazztzigane.com\/wp-content\/uploads\/2016\/10\/guitare-jazz-manouche-jerome-rapicault-80x80.jpg 80w, https:\/\/www.zagreb.jazztzigane.com\/wp-content\/uploads\/2016\/10\/guitare-jazz-manouche-jerome-rapicault-300x300.jpg 300w, https:\/\/www.zagreb.jazztzigane.com\/wp-content\/uploads\/2016\/10\/guitare-jazz-manouche-jerome-rapicault-36x36.jpg 36w, https:\/\/www.zagreb.jazztzigane.com\/wp-content\/uploads\/2016\/10\/guitare-jazz-manouche-jerome-rapicault-180x180.jpg 180w, https:\/\/www.zagreb.jazztzigane.com\/wp-content\/uploads\/2016\/10\/guitare-jazz-manouche-jerome-rapicault-120x120.jpg 120w, https:\/\/www.zagreb.jazztzigane.com\/wp-content\/uploads\/2016\/10\/guitare-jazz-manouche-jerome-rapicault-450x450.jpg 450w\" sizes=\"(max-width: 700px) 100vw, 700px\" \/><div class=\"team-social\"><div class=\"team-social-inner\"><span class='hidden av_member_url_markup facebook'  itemprop=\"url\" >https:\/\/www.facebook.com\/zagreb.quartet<\/span><a href='https:\/\/www.facebook.com\/zagreb.quartet' class='avia-team-icon av-av_team_icon-c51095a758a225bfb8d8cacae411afc3 facebook' rel='v:url' data-avia-tooltip=\"Check me on Facebook\"  aria-hidden='true' data-av_icon='\ue8f3' data-av_iconfont='entypo-fontello'><\/a><\/div><\/div><\/div><h3 class='team-member-name '  itemprop=\"name\" >J\u00e9rome Rapicault<\/h3><div class='team-member-job-title '  itemprop=\"jobTitle\" >Guitariste<\/div><div class='team-member-description '  itemprop=\"description\" ><p>Soutien rythmique \u00e0 toute \u00e9preuve, c\u2018est tout petit qu\u2019il d\u00e9bute \u00e0 la batterie (puis au piano) sa passion pour la musique. Compositeur et soliste chevronn\u00e9, il cite souvent ses deux idoles que sont Django Reinhardt et Bireli Lagr\u00e8ne dans de m\u00e9lodieuses improvisations.<\/p>\n<\/div><span class='hidden team-member-affiliation'  itemprop=\"affiliation\" >Jazz manouche mariage Zagreb Quartet<\/span><\/section><\/div>\n<style type=\"text\/css\" data-created_by=\"avia_inline_auto\" id=\"style-css-av-av_one_fourth-9c1d454dc06f7247226bc4e8f931daae\">\n.flex_column.av-av_one_fourth-9c1d454dc06f7247226bc4e8f931daae{\nborder-radius:0px 0px 0px 0px;\npadding:0px 0px 0px 0px;\n}\n<\/style>\n<div  class='flex_column av-av_one_fourth-9c1d454dc06f7247226bc4e8f931daae av_one_fourth  avia-builder-el-10  el_after_av_one_fourth  el_before_av_one_fourth  flex_column_div av-zero-column-padding  '     ><section  class='avia-team-member av-av_team_member-41723d6d158a90813af0d7cb726da1bf  avia-builder-el-11  avia-builder-el-no-sibling '  itemscope=\"itemscope\" itemtype=\"https:\/\/schema.org\/Person\" ><div class=\"team-img-container\"><img decoding=\"async\" class='wp-image-778 avia-img-lazy-loading-not-778 avia_image avia_image_team' src=\"https:\/\/www.zagreb.jazztzigane.com\/wp-content\/uploads\/2016\/10\/contrebassiste-jazz-manouche-nicolas-selingant.jpg\" alt='Nicolas Selingant'  itemprop=\"image\"   height=\"700\" width=\"700\" srcset=\"https:\/\/www.zagreb.jazztzigane.com\/wp-content\/uploads\/2016\/10\/contrebassiste-jazz-manouche-nicolas-selingant.jpg 700w, https:\/\/www.zagreb.jazztzigane.com\/wp-content\/uploads\/2016\/10\/contrebassiste-jazz-manouche-nicolas-selingant-80x80.jpg 80w, https:\/\/www.zagreb.jazztzigane.com\/wp-content\/uploads\/2016\/10\/contrebassiste-jazz-manouche-nicolas-selingant-300x300.jpg 300w, https:\/\/www.zagreb.jazztzigane.com\/wp-content\/uploads\/2016\/10\/contrebassiste-jazz-manouche-nicolas-selingant-36x36.jpg 36w, https:\/\/www.zagreb.jazztzigane.com\/wp-content\/uploads\/2016\/10\/contrebassiste-jazz-manouche-nicolas-selingant-180x180.jpg 180w, https:\/\/www.zagreb.jazztzigane.com\/wp-content\/uploads\/2016\/10\/contrebassiste-jazz-manouche-nicolas-selingant-120x120.jpg 120w, https:\/\/www.zagreb.jazztzigane.com\/wp-content\/uploads\/2016\/10\/contrebassiste-jazz-manouche-nicolas-selingant-450x450.jpg 450w\" sizes=\"(max-width: 700px) 100vw, 700px\" \/><div class=\"team-social\"><div class=\"team-social-inner\"><span class='hidden av_member_url_markup facebook'  itemprop=\"url\" >https:\/\/www.facebook.com\/nicolas.selingant<\/span><a href='https:\/\/www.facebook.com\/nicolas.selingant' class='avia-team-icon av-av_team_icon-475d4b3ec23aef069239bff0ef74d888 facebook' rel='v:url' data-avia-tooltip=\"Check me on Facebook\"  aria-hidden='true' data-av_icon='\ue8f3' data-av_iconfont='entypo-fontello'><\/a><\/div><\/div><\/div><h3 class='team-member-name '  itemprop=\"name\" >Nicolas Selingant<\/h3><div class='team-member-job-title '  itemprop=\"jobTitle\" >Contrebassiste<\/div><div class='team-member-description '  itemprop=\"description\" ><p>Musicien incontournable de la r\u00e9gion Centre, pr\u00e9sent aussi bien sur des projets de musique actuelle (EMJI r\u00e9v\u00e9lation de la nouvelle star) que sur des soir\u00e9es \u00e9v\u00e9nementielles , il rejoint le groupe en 2012 avec du gros son dans sa valise. V\u00e9ritable marathonien du swing manouche, cet homme aux doigts d\u2019acier et au sourire fondant est LE monsieur groove du Zagreb Quartet.<\/p>\n<\/div><span class='hidden team-member-affiliation'  itemprop=\"affiliation\" >Jazz manouche mariage Zagreb Quartet<\/span><\/section><\/div>\n<style type=\"text\/css\" data-created_by=\"avia_inline_auto\" id=\"style-css-av-av_one_fourth-9c1d454dc06f7247226bc4e8f931daae\">\n.flex_column.av-av_one_fourth-9c1d454dc06f7247226bc4e8f931daae{\nborder-radius:0px 0px 0px 0px;\npadding:0px 0px 0px 0px;\n}\n<\/style>\n<div  class='flex_column av-av_one_fourth-9c1d454dc06f7247226bc4e8f931daae av_one_fourth  avia-builder-el-12  el_after_av_one_fourth  el_before_av_one_full  flex_column_div av-zero-column-padding  '     ><section  class='avia-team-member av-av_team_member-92e1f14db44b4bc87608bc5f64eb6d51  avia-builder-el-13  avia-builder-el-no-sibling '  itemscope=\"itemscope\" itemtype=\"https:\/\/schema.org\/Person\" ><div class=\"team-img-container\"><img decoding=\"async\" class='wp-image-779 avia-img-lazy-loading-not-779 avia_image avia_image_team' src=\"https:\/\/www.zagreb.jazztzigane.com\/wp-content\/uploads\/2016\/10\/saxophoniste-photographe-mariage-ozgur-canbulat.jpg\" alt='Ozgur Canbulat'  itemprop=\"image\"   height=\"700\" width=\"700\" srcset=\"https:\/\/www.zagreb.jazztzigane.com\/wp-content\/uploads\/2016\/10\/saxophoniste-photographe-mariage-ozgur-canbulat.jpg 700w, https:\/\/www.zagreb.jazztzigane.com\/wp-content\/uploads\/2016\/10\/saxophoniste-photographe-mariage-ozgur-canbulat-80x80.jpg 80w, https:\/\/www.zagreb.jazztzigane.com\/wp-content\/uploads\/2016\/10\/saxophoniste-photographe-mariage-ozgur-canbulat-300x300.jpg 300w, https:\/\/www.zagreb.jazztzigane.com\/wp-content\/uploads\/2016\/10\/saxophoniste-photographe-mariage-ozgur-canbulat-36x36.jpg 36w, https:\/\/www.zagreb.jazztzigane.com\/wp-content\/uploads\/2016\/10\/saxophoniste-photographe-mariage-ozgur-canbulat-180x180.jpg 180w, https:\/\/www.zagreb.jazztzigane.com\/wp-content\/uploads\/2016\/10\/saxophoniste-photographe-mariage-ozgur-canbulat-120x120.jpg 120w, https:\/\/www.zagreb.jazztzigane.com\/wp-content\/uploads\/2016\/10\/saxophoniste-photographe-mariage-ozgur-canbulat-450x450.jpg 450w\" sizes=\"(max-width: 700px) 100vw, 700px\" \/><div class=\"team-social\"><div class=\"team-social-inner\"><span class='hidden av_member_url_markup '  itemprop=\"url\" >https:\/\/www.instagram.com\/ozgurcanbulat\/<\/span><a href='https:\/\/www.instagram.com\/ozgurcanbulat\/' class='avia-team-icon av-av_team_icon-be9b474aa978024538cd83efe25e3c59' rel='v:url' data-avia-tooltip=\"Follow me on Instagram\"  aria-hidden='true' data-av_icon='\ue909' data-av_iconfont='entypo-fontello'><\/a><span class='hidden av_member_url_markup facebook'  itemprop=\"url\" >https:\/\/www.facebook.com\/ozgurcanbulat<\/span><a href='https:\/\/www.facebook.com\/ozgurcanbulat' class='avia-team-icon av-av_team_icon-dc3cb93e3a4880cccb2c8bee7f77b9a5 facebook' rel='v:url' data-avia-tooltip=\"Check me on Facebook\"  aria-hidden='true' data-av_icon='\ue8f3' data-av_iconfont='entypo-fontello'><\/a><span class='hidden av_member_url_markup '  itemprop=\"url\" >https:\/\/photomariageorleans.com<\/span><a href='https:\/\/photomariageorleans.com' class='avia-team-icon av-av_team_icon-e53e70b286de23dcfd8b00975a8024f6' rel='v:url' data-avia-tooltip=\"Qui est le meilleur photographe?\"  aria-hidden='true' data-av_icon='\ue80f' data-av_iconfont='entypo-fontello'><\/a><\/div><\/div><\/div><h3 class='team-member-name '  itemprop=\"name\" >Ozgur Canbulat<\/h3><div class='team-member-job-title '  itemprop=\"jobTitle\" >Saxophoniste<\/div><div class='team-member-description '  itemprop=\"description\" ><p>Originaire d\u2018Ankara ou il grandit et apprend tr\u00e8s jeune la clarinette turque et le saxophone pour en faire rapidement son m\u00e9tier, M. Ozgur Canbulat est un amoureux des belles choses et des grands espaces, et faite nous confiance, cela s\u2019entend dans sa musique..., L\u2018alchimie de m\u00e9lodies orientales qu\u2019il affectionne alli\u00e9es au swing \u00e9clatant des guitares manouches est tout simplement envoutante. Et pour le plaisir de yeux, passionn\u00e9 de photographie, il est \u00e9galement photographe de mariage.<\/p>\n<\/div><span class='hidden team-member-affiliation'  itemprop=\"affiliation\" >Jazz manouche mariage Zagreb Quartet<\/span><\/section><\/div>\n<style type=\"text\/css\" data-created_by=\"avia_inline_auto\" id=\"style-css-av-av_one_full-ce029c0384c9c8fda16c8746b432fdf8\">\n.flex_column.av-av_one_full-ce029c0384c9c8fda16c8746b432fdf8{\nborder-radius:0px 0px 0px 0px;\npadding:0px 0px 0px 0px;\n}\n<\/style>\n<div  class='flex_column av-av_one_full-ce029c0384c9c8fda16c8746b432fdf8 av_one_full  avia-builder-el-14  el_after_av_one_fourth  avia-builder-el-last  first flex_column_div av-animated-generic pop-up av-zero-column-padding  column-top-margin'     ><style type=\"text\/css\" data-created_by=\"avia_inline_auto\" id=\"style-css-av-av_font_icon-626ba541070836d0ff50427c37639e2e\">\n.av_font_icon.av-av_font_icon-626ba541070836d0ff50427c37639e2e{\ncolor:#000000;\nborder-color:#000000;\n}\n.av_font_icon.av-av_font_icon-626ba541070836d0ff50427c37639e2e .av-icon-char{\nfont-size:40px;\nline-height:40px;\n}\n<\/style>\n<span  class='av_font_icon av-av_font_icon-626ba541070836d0ff50427c37639e2e avia_animate_when_visible av-icon-style- avia-icon-pos-center avia-icon-animate'><span class='av-icon-char' aria-hidden='true' data-av_icon='\ue808' data-av_iconfont='entypo-fontello' ><\/span><\/span><\/div>\n\n<\/div><\/div><\/div><!-- close content main div --><\/div><\/div>\n<style type=\"text\/css\" data-created_by=\"avia_inline_auto\" id=\"style-css-av-av_section-274a37df654806197b459f3f6a7a8d0c\">\n.avia-section.av-av_section-274a37df654806197b459f3f6a7a8d0c{\nbackground-color:#ffffff;\nbackground-image:unset;\n}\n<\/style>\n<div id='av_section_3'  class='avia-section av-av_section-274a37df654806197b459f3f6a7a8d0c alternate_color avia-section-no-padding avia-no-border-styling  avia-builder-el-16  el_after_av_section  avia-builder-el-last  avia-bg-style-parallax container_wrap sidebar_right'  ><div class='container av-section-cont-open' ><div class='template-page content  av-content-small alpha units'><div class='post-entry post-entry-type-page post-entry-633'><div class='entry-content-wrapper clearfix'>\n\n<style type=\"text\/css\" data-created_by=\"avia_inline_auto\" id=\"style-css-av-av_one_fourth-9497bbf8bff73ea4c6992cc17fa9ec36\">\n.flex_column.av-av_one_fourth-9497bbf8bff73ea4c6992cc17fa9ec36{\nborder-radius:0px 0px 0px 0px;\npadding:0px 0px 0px 0px;\n}\n<\/style>\n<div  class='flex_column av-av_one_fourth-9497bbf8bff73ea4c6992cc17fa9ec36 av_one_fourth  avia-builder-el-17  el_before_av_one_half  avia-builder-el-first  first flex_column_div av-zero-column-padding  '     ><section  class='avia-team-member av-av_team_member-1df7700cdccda2ea67b7131997070c01  avia-builder-el-18  avia-builder-el-no-sibling '  itemscope=\"itemscope\" itemtype=\"https:\/\/schema.org\/Person\" ><div class=\"team-img-container\"><img decoding=\"async\" class='wp-image-815 avia-img-lazy-loading-not-815 avia_image avia_image_team' src=\"https:\/\/www.zagreb.jazztzigane.com\/wp-content\/uploads\/2016\/10\/anita-farmine-chanteuse-jazz-folk.jpg\" alt='Anita Farmine'  itemprop=\"image\"   height=\"700\" width=\"700\" srcset=\"https:\/\/www.zagreb.jazztzigane.com\/wp-content\/uploads\/2016\/10\/anita-farmine-chanteuse-jazz-folk.jpg 700w, https:\/\/www.zagreb.jazztzigane.com\/wp-content\/uploads\/2016\/10\/anita-farmine-chanteuse-jazz-folk-80x80.jpg 80w, https:\/\/www.zagreb.jazztzigane.com\/wp-content\/uploads\/2016\/10\/anita-farmine-chanteuse-jazz-folk-300x300.jpg 300w, https:\/\/www.zagreb.jazztzigane.com\/wp-content\/uploads\/2016\/10\/anita-farmine-chanteuse-jazz-folk-36x36.jpg 36w, https:\/\/www.zagreb.jazztzigane.com\/wp-content\/uploads\/2016\/10\/anita-farmine-chanteuse-jazz-folk-180x180.jpg 180w, https:\/\/www.zagreb.jazztzigane.com\/wp-content\/uploads\/2016\/10\/anita-farmine-chanteuse-jazz-folk-120x120.jpg 120w, https:\/\/www.zagreb.jazztzigane.com\/wp-content\/uploads\/2016\/10\/anita-farmine-chanteuse-jazz-folk-450x450.jpg 450w\" sizes=\"(max-width: 700px) 100vw, 700px\" \/><div class=\"team-social\"><div class=\"team-social-inner\"><span class='hidden av_member_url_markup '  itemprop=\"url\" >http:\/\/anitafarmine.wixsite.com\/anitafarmine<\/span><a href='http:\/\/anitafarmine.wixsite.com\/anitafarmine' class='avia-team-icon av-av_team_icon-ff7bfb18fa63dbe7406de3998f2fba3d' rel='v:url'   aria-hidden='true' data-av_icon='\ue821' data-av_iconfont='entypo-fontello'><\/a><\/div><\/div><\/div><h3 class='team-member-name '  itemprop=\"name\" >Anita Farmine<\/h3><div class='team-member-job-title '  itemprop=\"jobTitle\" >Chanteuse jazz<\/div><div class='team-member-description '  itemprop=\"description\" ><p>Musicienne et p\u00e9dagogue, chanteuse de jazz et de gospel, de musiques du monde... C\u2018est toujours un bonheur renouvel\u00e9 de jouer avec cette grande artiste qui distille par sa voix tant d\u2019\u00e9nergie et de beaut\u00e9. Si ce n\u2018est avec Zagreb, courrez l\u2019\u00e9couter, elle et ses chansons, \u00e0 la Bellevilloise peut-\u00eatre, car il semble bien que l\u00e0-bas aussi, ils l\u2019ont adopt\u00e9e...<\/p>\n<\/div><span class='hidden team-member-affiliation'  itemprop=\"affiliation\" >Jazz manouche mariage Zagreb Quartet<\/span><\/section><\/div>\n<style type=\"text\/css\" data-created_by=\"avia_inline_auto\" id=\"style-css-av-av_one_half-86ea551e92e80117a41327afd332f526\">\n.flex_column.av-av_one_half-86ea551e92e80117a41327afd332f526{\nborder-radius:10px 10px 10px 10px;\npadding:40px 40px 40px 40px;\nbackground-color:rgba(0,0,0,0.06);\n}\n<\/style>\n<div  class='flex_column av-av_one_half-86ea551e92e80117a41327afd332f526 av_one_half  avia-builder-el-19  el_after_av_one_fourth  el_before_av_one_fourth  flex_column_div av-animated-generic pop-up  '     ><p>\n<style type=\"text\/css\" data-created_by=\"avia_inline_auto\" id=\"style-css-av-av_heading-39aed921c6be775b1c3940a5276c1074\">\n#top .av-special-heading.av-av_heading-39aed921c6be775b1c3940a5276c1074{\npadding-bottom:30px;\ncolor:#4ecac2;\n}\nbody .av-special-heading.av-av_heading-39aed921c6be775b1c3940a5276c1074 .av-special-heading-tag .heading-char{\nfont-size:25px;\n}\n.av-special-heading.av-av_heading-39aed921c6be775b1c3940a5276c1074 .special-heading-inner-border{\nborder-color:#4ecac2;\n}\n.av-special-heading.av-av_heading-39aed921c6be775b1c3940a5276c1074 .av-subheading{\nfont-size:15px;\n}\n<\/style>\n<div  class='av-special-heading av-av_heading-39aed921c6be775b1c3940a5276c1074 av-special-heading-h2 custom-color-heading blockquote modern-quote  avia-builder-el-20  el_before_av_textblock  avia-builder-el-first '><h2 class='av-special-heading-tag'  itemprop=\"headline\"  >Toutes nos formules jazz manouche pour votre \u00e9v\u00e9nement<\/h2><div class=\"special-heading-border\"><div class=\"special-heading-inner-border\"><\/div><\/div><\/div><br \/>\n<section  class='av_textblock_section av-av_textblock-0366cc7376be6c9e82a3e9cc8987b64f '   itemscope=\"itemscope\" itemtype=\"https:\/\/schema.org\/CreativeWork\" ><div class='avia_textblock'  itemprop=\"text\" ><p style=\"text-align: justify;\">Depuis de nombreuses ann\u00e9es, nous invitons r\u00e9guli\u00e8rement d&rsquo;autres artistes et musiciens de jazz \u00e0 nous rejoindre sur sc\u00e8ne. De ces rencontres et collaborations sont n\u00e9es des amiti\u00e9s durables et pr\u00e9cieuses. Nous vous proposons donc diff\u00e9rents choix d&rsquo;instruments\u00a0pour vos \u00e9v\u00e9nements, cocktail de mariage, vin d&rsquo;honneur, \u00a0ou soir\u00e9e d&rsquo;entreprise dans la salle de r\u00e9ception choisie,\u00a0cela pour prendre en compte vos envies et vos\u00a0contraintes budg\u00e9taires tout en\u00a0vous garantissant une parfaite complicit\u00e9 entre les musiciens.<\/p>\n<h2 style=\"text-align: justify;\"><\/h2>\n<\/div><\/section><br \/>\n\n<style type=\"text\/css\" data-created_by=\"avia_inline_auto\" id=\"style-css-av-av_heading-ca98c5b79d5c02f2911dca8f3d6d608c\">\n#top .av-special-heading.av-av_heading-ca98c5b79d5c02f2911dca8f3d6d608c{\npadding-bottom:10px;\ncolor:#4ecac2;\n}\nbody .av-special-heading.av-av_heading-ca98c5b79d5c02f2911dca8f3d6d608c .av-special-heading-tag .heading-char{\nfont-size:25px;\n}\n.av-special-heading.av-av_heading-ca98c5b79d5c02f2911dca8f3d6d608c .special-heading-inner-border{\nborder-color:#4ecac2;\n}\n.av-special-heading.av-av_heading-ca98c5b79d5c02f2911dca8f3d6d608c .av-subheading{\nfont-size:15px;\n}\n<\/style>\n<div  class='av-special-heading av-av_heading-ca98c5b79d5c02f2911dca8f3d6d608c av-special-heading-h3 custom-color-heading  avia-builder-el-22  el_after_av_textblock  el_before_av_textblock '><h3 class='av-special-heading-tag'  itemprop=\"headline\"  >Toutes nos formules:<\/h3><div class=\"special-heading-border\"><div class=\"special-heading-inner-border\"><\/div><\/div><\/div><br \/>\n<section  class='av_textblock_section av-av_textblock-0366cc7376be6c9e82a3e9cc8987b64f '   itemscope=\"itemscope\" itemtype=\"https:\/\/schema.org\/CreativeWork\" ><div class='avia_textblock'  itemprop=\"text\" ><ul style=\"text-align: justify;\">\n<li style=\"text-align: justify;\"><strong><span style=\"color: #000000;\"><span style=\"text-decoration: underline;\">Duo<\/span>:<\/span>\u00a0 <\/strong>2<strong>\u00a0<\/strong>guitares ou guitare + contrebasse<\/li>\n<li style=\"text-align: left;\"><strong><span style=\"color: #000000;\"><span style=\"text-decoration: underline;\">Trio<\/span>:<\/span>\u00a0 <\/strong>Zagreb version trio (2 guitares + contrebasse) ou guitare + instruments au choix (violon\/chant\/saxophone\/contrebasse)<\/li>\n<li style=\"text-align: left;\"><strong><span style=\"color: #000000;\"><span style=\"text-decoration: underline;\">Quartet<\/span>:<\/span>\u00a0\u00a0<\/strong>Zagreb au complet ou Quartet avec chanteuse ou Quartet avec violon<\/li>\n<li style=\"text-align: left;\"><strong><span style=\"color: #000000;\"><span style=\"text-decoration: underline;\">Quintet<\/span>:<\/span>\u00a0\u00a0<\/strong>Zagreb + invit\u00e9 au choix<\/li>\n<\/ul>\n<\/div><\/section><\/p><\/div>\n<style type=\"text\/css\" data-created_by=\"avia_inline_auto\" id=\"style-css-av-av_one_fourth-9c1d454dc06f7247226bc4e8f931daae\">\n.flex_column.av-av_one_fourth-9c1d454dc06f7247226bc4e8f931daae{\nborder-radius:0px 0px 0px 0px;\npadding:0px 0px 0px 0px;\n}\n<\/style>\n<div  class='flex_column av-av_one_fourth-9c1d454dc06f7247226bc4e8f931daae av_one_fourth  avia-builder-el-24  el_after_av_one_half  el_before_av_one_full  flex_column_div av-zero-column-padding  '     ><section  class='avia-team-member av-av_team_member-8a13b877579df7404e7fff52a41f76b2  avia-builder-el-25  avia-builder-el-no-sibling '  itemscope=\"itemscope\" itemtype=\"https:\/\/schema.org\/Person\" ><div class=\"team-img-container\"><img decoding=\"async\" class='wp-image-816 avia-img-lazy-loading-not-816 avia_image avia_image_team' src=\"https:\/\/www.zagreb.jazztzigane.com\/wp-content\/uploads\/2016\/10\/nathan-bonin-violoniste-jazz-manouche.jpg\" alt='Nathan Bonin'  itemprop=\"image\"   height=\"700\" width=\"700\" srcset=\"https:\/\/www.zagreb.jazztzigane.com\/wp-content\/uploads\/2016\/10\/nathan-bonin-violoniste-jazz-manouche.jpg 700w, https:\/\/www.zagreb.jazztzigane.com\/wp-content\/uploads\/2016\/10\/nathan-bonin-violoniste-jazz-manouche-80x80.jpg 80w, https:\/\/www.zagreb.jazztzigane.com\/wp-content\/uploads\/2016\/10\/nathan-bonin-violoniste-jazz-manouche-300x300.jpg 300w, https:\/\/www.zagreb.jazztzigane.com\/wp-content\/uploads\/2016\/10\/nathan-bonin-violoniste-jazz-manouche-36x36.jpg 36w, https:\/\/www.zagreb.jazztzigane.com\/wp-content\/uploads\/2016\/10\/nathan-bonin-violoniste-jazz-manouche-180x180.jpg 180w, https:\/\/www.zagreb.jazztzigane.com\/wp-content\/uploads\/2016\/10\/nathan-bonin-violoniste-jazz-manouche-120x120.jpg 120w, https:\/\/www.zagreb.jazztzigane.com\/wp-content\/uploads\/2016\/10\/nathan-bonin-violoniste-jazz-manouche-450x450.jpg 450w\" sizes=\"(max-width: 700px) 100vw, 700px\" \/><\/div><h3 class='team-member-name '  itemprop=\"name\" >Nathan Bonin<\/h3><div class='team-member-job-title '  itemprop=\"jobTitle\" >Violoniste<\/div><span class='hidden team-member-affiliation'  itemprop=\"affiliation\" >Jazz manouche mariage Zagreb Quartet<\/span><\/section><\/div><\/div><\/div><\/div><!-- close content main div --><\/div><\/div><div id='after_section_3'  class='main_color av_default_container_wrap container_wrap sidebar_right'  ><div class='container av-section-cont-open' ><div class='template-page content  av-content-small alpha units'><div class='post-entry post-entry-type-page post-entry-633'><div class='entry-content-wrapper clearfix'>\n<style type=\"text\/css\" data-created_by=\"avia_inline_auto\" id=\"style-css-av-av_one_full-0b2ed9498a5df6d7444ca28032fb7c0b\">\n.flex_column.av-av_one_full-0b2ed9498a5df6d7444ca28032fb7c0b{\nborder-radius:0px 0px 0px 0px;\npadding:0px 0px 70px 0px;\n}\n<\/style>\n<div  class='flex_column av-av_one_full-0b2ed9498a5df6d7444ca28032fb7c0b av_one_full  avia-builder-el-26  el_after_av_one_fourth  el_before_av_section  avia-builder-el-last  first flex_column_div av-animated-generic pop-up  column-top-margin'     ><style type=\"text\/css\" data-created_by=\"avia_inline_auto\" id=\"style-css-av-av_font_icon-626ba541070836d0ff50427c37639e2e\">\n.av_font_icon.av-av_font_icon-626ba541070836d0ff50427c37639e2e{\ncolor:#000000;\nborder-color:#000000;\n}\n.av_font_icon.av-av_font_icon-626ba541070836d0ff50427c37639e2e .av-icon-char{\nfont-size:40px;\nline-height:40px;\n}\n<\/style>\n<span  class='av_font_icon av-av_font_icon-626ba541070836d0ff50427c37639e2e avia_animate_when_visible av-icon-style- avia-icon-pos-center avia-icon-animate'><span class='av-icon-char' aria-hidden='true' data-av_icon='\ue808' data-av_iconfont='entypo-fontello' ><\/span><\/span><\/div><\/p>\n<\/div><\/div><\/div><!-- close content main div --><\/div><\/div><div id='av_section_4'  class='avia-section av-av_section-915b33fd1d6006bfc684ade488387eaf main_color avia-section-default avia-no-border-styling  avia-builder-el-28  el_after_av_one_full  el_before_av_testimonials  avia-bg-style-scroll container_wrap sidebar_right'  ><div class='container av-section-cont-open' ><div class='template-page content  av-content-small alpha units'><div class='post-entry post-entry-type-page post-entry-633'><div class='entry-content-wrapper clearfix'>\n\n<style type=\"text\/css\" data-created_by=\"avia_inline_auto\" id=\"style-css-av-av_one_full-e8c832bd4f7d32d7264178a81edc0a3c\">\n.flex_column.av-av_one_full-e8c832bd4f7d32d7264178a81edc0a3c{\nborder-radius:0px 0px 0px 0px;\npadding:0px 0px 0px 0px;\n}\n<\/style>\n<div  class='flex_column av-av_one_full-e8c832bd4f7d32d7264178a81edc0a3c av_one_full  avia-builder-el-29  avia-builder-el-no-sibling  first flex_column_div av-zero-column-padding  '     ><style type=\"text\/css\" data-created_by=\"avia_inline_auto\" id=\"style-css-av-av_partner-b8a7326ee8c3dbb0bdd62fed4f4abc56\">\n.avia-logo-element-container.av-av_partner-b8a7326ee8c3dbb0bdd62fed4f4abc56 .av-partner-fake-img{\nbackground-size:cover;\n}\n<\/style>\n<div  class='avia-logo-element-container av-av_partner-b8a7326ee8c3dbb0bdd62fed4f4abc56 avia-logo-slider avia-content-slider avia-smallarrow-slider avia-content-slider-active noHover avia-content-slider-odd  avia-builder-el-30  avia-builder-el-no-sibling  av-slideshow-ui av-control-default av-nav-arrows-visible av-nav-dots-visible av-hide-nav-arrows av-slideshow-autoplay av-loop-endless av-loop-manual-endless avia-content-slider1' data-slideshow-options=\"{&quot;animation&quot;:&quot;fade&quot;,&quot;autoplay&quot;:true,&quot;loop_autoplay&quot;:&quot;endless&quot;,&quot;interval&quot;:6,&quot;loop_manual&quot;:&quot;manual-endless&quot;,&quot;autoplay_stopper&quot;:false,&quot;noNavigation&quot;:false,&quot;bg_slider&quot;:false,&quot;keep_padding&quot;:&quot;&quot;,&quot;hoverpause&quot;:false,&quot;show_slide_delay&quot;:0}\"><div class='avia-smallarrow-slider-heading  no-logo-slider-heading '><div class='new-special-heading'>&nbsp;<\/div><div class='avia-slideshow-arrows avia-slideshow-controls' ><a href='#prev' class='prev-slide ' aria-hidden='true' data-av_icon='\ue87c' data-av_iconfont='entypo-fontello'  tabindex='-1'>Pr\u00e9c\u00e9dent<\/a><a href='#next' class='next-slide ' aria-hidden='true' data-av_icon='\ue87d' data-av_iconfont='entypo-fontello'  tabindex='-1'>Suivant<\/a><\/div><\/div><div class=\"avia-content-slider-inner\"><div class=\"slide-entry-wrap\"><div  class='slide-entry av-av_partner_logo-1ca7af0b24a69bcb91352e8e550bacd0 flex_column no_margin av_one_third real-thumbnail post-entry slide-entry-overview slide-loop-1 slide-parity-odd  first'><a href=\"https:\/\/www.zagreb.jazztzigane.com\/wp-content\/uploads\/2016\/11\/soir\u00e9es-dansantes-musique-live-normandie-1030x687.jpg\" data-srcset=\"https:\/\/www.zagreb.jazztzigane.com\/wp-content\/uploads\/2016\/11\/soir\u00e9es-dansantes-musique-live-normandie-1030x687.jpg 1030w, https:\/\/www.zagreb.jazztzigane.com\/wp-content\/uploads\/2016\/11\/soir\u00e9es-dansantes-musique-live-normandie-300x200.jpg 300w, https:\/\/www.zagreb.jazztzigane.com\/wp-content\/uploads\/2016\/11\/soir\u00e9es-dansantes-musique-live-normandie-768x512.jpg 768w, https:\/\/www.zagreb.jazztzigane.com\/wp-content\/uploads\/2016\/11\/soir\u00e9es-dansantes-musique-live-normandie-705x470.jpg 705w, https:\/\/www.zagreb.jazztzigane.com\/wp-content\/uploads\/2016\/11\/soir\u00e9es-dansantes-musique-live-normandie-450x300.jpg 450w, https:\/\/www.zagreb.jazztzigane.com\/wp-content\/uploads\/2016\/11\/soir\u00e9es-dansantes-musique-live-normandie.jpg 1200w\" data-sizes=\"(max-width: 1030px) 100vw, 1030px\" data-rel='slide-1' class='slide-image' title='' ><span class='av-partner-fake-img' style='padding-bottom:66.699029126214%; background-image:url(https:\/\/www.zagreb.jazztzigane.com\/wp-content\/uploads\/2016\/11\/soir\u00e9es-dansantes-musique-live-normandie-1030x687.jpg);'><\/span><\/a><\/div><div  class='slide-entry av-av_partner_logo-5d7b6cc21d60669e0c094076a4aef6f2 flex_column no_margin av_one_third real-thumbnail post-entry slide-entry-overview slide-loop-2 slide-parity-even  '><a href=\"https:\/\/www.zagreb.jazztzigane.com\/wp-content\/uploads\/2016\/11\/orchestre-mariage-ile-de-france-1030x687.jpg\" data-srcset=\"https:\/\/www.zagreb.jazztzigane.com\/wp-content\/uploads\/2016\/11\/orchestre-mariage-ile-de-france-1030x687.jpg 1030w, https:\/\/www.zagreb.jazztzigane.com\/wp-content\/uploads\/2016\/11\/orchestre-mariage-ile-de-france-300x200.jpg 300w, https:\/\/www.zagreb.jazztzigane.com\/wp-content\/uploads\/2016\/11\/orchestre-mariage-ile-de-france-768x512.jpg 768w, https:\/\/www.zagreb.jazztzigane.com\/wp-content\/uploads\/2016\/11\/orchestre-mariage-ile-de-france-705x470.jpg 705w, https:\/\/www.zagreb.jazztzigane.com\/wp-content\/uploads\/2016\/11\/orchestre-mariage-ile-de-france-450x300.jpg 450w, https:\/\/www.zagreb.jazztzigane.com\/wp-content\/uploads\/2016\/11\/orchestre-mariage-ile-de-france.jpg 1200w\" data-sizes=\"(max-width: 1030px) 100vw, 1030px\" data-rel='slide-1' class='slide-image' title='' ><span class='av-partner-fake-img' style='padding-bottom:66.699029126214%; background-image:url(https:\/\/www.zagreb.jazztzigane.com\/wp-content\/uploads\/2016\/11\/orchestre-mariage-ile-de-france-1030x687.jpg);'><\/span><\/a><\/div><div  class='slide-entry av-av_partner_logo-1d2bb048c3013253f6aacd6c07ff3014 flex_column no_margin av_one_third real-thumbnail post-entry slide-entry-overview slide-loop-3 slide-parity-odd  '><a href=\"https:\/\/www.zagreb.jazztzigane.com\/wp-content\/uploads\/2016\/11\/mariage-croisiere-jazz-manouche-mariee-epoux-1030x687.jpg\" data-srcset=\"https:\/\/www.zagreb.jazztzigane.com\/wp-content\/uploads\/2016\/11\/mariage-croisiere-jazz-manouche-mariee-epoux-1030x687.jpg 1030w, https:\/\/www.zagreb.jazztzigane.com\/wp-content\/uploads\/2016\/11\/mariage-croisiere-jazz-manouche-mariee-epoux-300x200.jpg 300w, https:\/\/www.zagreb.jazztzigane.com\/wp-content\/uploads\/2016\/11\/mariage-croisiere-jazz-manouche-mariee-epoux-768x512.jpg 768w, https:\/\/www.zagreb.jazztzigane.com\/wp-content\/uploads\/2016\/11\/mariage-croisiere-jazz-manouche-mariee-epoux-705x470.jpg 705w, https:\/\/www.zagreb.jazztzigane.com\/wp-content\/uploads\/2016\/11\/mariage-croisiere-jazz-manouche-mariee-epoux-450x300.jpg 450w, https:\/\/www.zagreb.jazztzigane.com\/wp-content\/uploads\/2016\/11\/mariage-croisiere-jazz-manouche-mariee-epoux.jpg 1200w\" data-sizes=\"(max-width: 1030px) 100vw, 1030px\" data-rel='slide-1' class='slide-image' title='' ><span class='av-partner-fake-img' style='padding-bottom:66.699029126214%; background-image:url(https:\/\/www.zagreb.jazztzigane.com\/wp-content\/uploads\/2016\/11\/mariage-croisiere-jazz-manouche-mariee-epoux-1030x687.jpg);'><\/span><\/a><\/div><\/div><div class=\"slide-entry-wrap\"><div  class='slide-entry av-av_partner_logo-c59fa9459ac8135cd609d35f08bb96fc flex_column no_margin av_one_third real-thumbnail post-entry slide-entry-overview slide-loop-4 slide-parity-odd  first'><a href=\"https:\/\/www.zagreb.jazztzigane.com\/wp-content\/uploads\/2016\/11\/boeuf-jazz-manouche-bar-restaurant-tours-1030x687.jpg\" data-srcset=\"https:\/\/www.zagreb.jazztzigane.com\/wp-content\/uploads\/2016\/11\/boeuf-jazz-manouche-bar-restaurant-tours-1030x687.jpg 1030w, https:\/\/www.zagreb.jazztzigane.com\/wp-content\/uploads\/2016\/11\/boeuf-jazz-manouche-bar-restaurant-tours-300x200.jpg 300w, https:\/\/www.zagreb.jazztzigane.com\/wp-content\/uploads\/2016\/11\/boeuf-jazz-manouche-bar-restaurant-tours-768x512.jpg 768w, https:\/\/www.zagreb.jazztzigane.com\/wp-content\/uploads\/2016\/11\/boeuf-jazz-manouche-bar-restaurant-tours-705x470.jpg 705w, https:\/\/www.zagreb.jazztzigane.com\/wp-content\/uploads\/2016\/11\/boeuf-jazz-manouche-bar-restaurant-tours-450x300.jpg 450w, https:\/\/www.zagreb.jazztzigane.com\/wp-content\/uploads\/2016\/11\/boeuf-jazz-manouche-bar-restaurant-tours.jpg 1200w\" data-sizes=\"(max-width: 1030px) 100vw, 1030px\" data-rel='slide-1' class='slide-image' title='' ><span class='av-partner-fake-img' style='padding-bottom:66.699029126214%; background-image:url(https:\/\/www.zagreb.jazztzigane.com\/wp-content\/uploads\/2016\/11\/boeuf-jazz-manouche-bar-restaurant-tours-1030x687.jpg);'><\/span><\/a><\/div><div data-avia-tooltip=\"Lindy op\" class='slide-entry av-av_partner_logo-b000037082faec2078de40d8ea3cf13a flex_column no_margin av_one_third real-thumbnail post-entry slide-entry-overview slide-loop-5 slide-parity-even  '><a href=\"https:\/\/www.zagreb.jazztzigane.com\/wp-content\/uploads\/2016\/11\/mariage-dance-swing-lindy-hop-1030x687.jpg\" data-srcset=\"https:\/\/www.zagreb.jazztzigane.com\/wp-content\/uploads\/2016\/11\/mariage-dance-swing-lindy-hop-1030x687.jpg 1030w, https:\/\/www.zagreb.jazztzigane.com\/wp-content\/uploads\/2016\/11\/mariage-dance-swing-lindy-hop-300x200.jpg 300w, https:\/\/www.zagreb.jazztzigane.com\/wp-content\/uploads\/2016\/11\/mariage-dance-swing-lindy-hop-768x512.jpg 768w, https:\/\/www.zagreb.jazztzigane.com\/wp-content\/uploads\/2016\/11\/mariage-dance-swing-lindy-hop-705x470.jpg 705w, https:\/\/www.zagreb.jazztzigane.com\/wp-content\/uploads\/2016\/11\/mariage-dance-swing-lindy-hop-450x300.jpg 450w, https:\/\/www.zagreb.jazztzigane.com\/wp-content\/uploads\/2016\/11\/mariage-dance-swing-lindy-hop.jpg 1200w\" data-sizes=\"(max-width: 1030px) 100vw, 1030px\" data-rel='slide-1' class='slide-image' title='' ><span class='av-partner-fake-img' style='padding-bottom:66.699029126214%; background-image:url(https:\/\/www.zagreb.jazztzigane.com\/wp-content\/uploads\/2016\/11\/mariage-dance-swing-lindy-hop-1030x687.jpg);'><\/span><\/a><\/div><div  class='slide-entry av-av_partner_logo-58ccaa7ed34dcf84b6eafa4279ea6716 flex_column no_margin av_one_third real-thumbnail post-entry slide-entry-overview slide-loop-6 slide-parity-odd  '><a href=\"https:\/\/www.zagreb.jazztzigane.com\/wp-content\/uploads\/2016\/11\/region-centre-indre-loire-concert-1030x687.jpg\" data-srcset=\"https:\/\/www.zagreb.jazztzigane.com\/wp-content\/uploads\/2016\/11\/region-centre-indre-loire-concert-1030x687.jpg 1030w, https:\/\/www.zagreb.jazztzigane.com\/wp-content\/uploads\/2016\/11\/region-centre-indre-loire-concert-300x200.jpg 300w, https:\/\/www.zagreb.jazztzigane.com\/wp-content\/uploads\/2016\/11\/region-centre-indre-loire-concert-768x512.jpg 768w, https:\/\/www.zagreb.jazztzigane.com\/wp-content\/uploads\/2016\/11\/region-centre-indre-loire-concert-705x470.jpg 705w, https:\/\/www.zagreb.jazztzigane.com\/wp-content\/uploads\/2016\/11\/region-centre-indre-loire-concert-450x300.jpg 450w, https:\/\/www.zagreb.jazztzigane.com\/wp-content\/uploads\/2016\/11\/region-centre-indre-loire-concert.jpg 1200w\" data-sizes=\"(max-width: 1030px) 100vw, 1030px\" data-rel='slide-1' class='slide-image' title='' ><span class='av-partner-fake-img' style='padding-bottom:66.699029126214%; background-image:url(https:\/\/www.zagreb.jazztzigane.com\/wp-content\/uploads\/2016\/11\/region-centre-indre-loire-concert-1030x687.jpg);'><\/span><\/a><\/div><\/div><div class=\"slide-entry-wrap\"><div  class='slide-entry av-av_partner_logo-5f2edaaa82b57e46a54e5d460c1af763 flex_column no_margin av_one_third real-thumbnail post-entry slide-entry-overview slide-loop-7 slide-parity-odd  first'><a href=\"https:\/\/www.zagreb.jazztzigane.com\/wp-content\/uploads\/2016\/11\/mariage-eglise-animation-musicien-paris-1030x687.jpg\" data-srcset=\"https:\/\/www.zagreb.jazztzigane.com\/wp-content\/uploads\/2016\/11\/mariage-eglise-animation-musicien-paris-1030x687.jpg 1030w, https:\/\/www.zagreb.jazztzigane.com\/wp-content\/uploads\/2016\/11\/mariage-eglise-animation-musicien-paris-300x200.jpg 300w, https:\/\/www.zagreb.jazztzigane.com\/wp-content\/uploads\/2016\/11\/mariage-eglise-animation-musicien-paris-768x512.jpg 768w, https:\/\/www.zagreb.jazztzigane.com\/wp-content\/uploads\/2016\/11\/mariage-eglise-animation-musicien-paris-705x470.jpg 705w, https:\/\/www.zagreb.jazztzigane.com\/wp-content\/uploads\/2016\/11\/mariage-eglise-animation-musicien-paris-450x300.jpg 450w, https:\/\/www.zagreb.jazztzigane.com\/wp-content\/uploads\/2016\/11\/mariage-eglise-animation-musicien-paris.jpg 1200w\" data-sizes=\"(max-width: 1030px) 100vw, 1030px\" data-rel='slide-1' class='slide-image' title='' ><span class='av-partner-fake-img' style='padding-bottom:66.699029126214%; background-image:url(https:\/\/www.zagreb.jazztzigane.com\/wp-content\/uploads\/2016\/11\/mariage-eglise-animation-musicien-paris-1030x687.jpg);'><\/span><\/a><\/div><div  class='slide-entry av-av_partner_logo-82fbfd56996f4fc9d24066feffdbb25b flex_column no_margin av_one_third real-thumbnail post-entry slide-entry-overview slide-loop-8 slide-parity-even  '><a href=\"https:\/\/www.zagreb.jazztzigane.com\/wp-content\/uploads\/2016\/11\/valse-montagne-django-reinhardt-reception-1030x687.jpg\" data-srcset=\"https:\/\/www.zagreb.jazztzigane.com\/wp-content\/uploads\/2016\/11\/valse-montagne-django-reinhardt-reception-1030x687.jpg 1030w, https:\/\/www.zagreb.jazztzigane.com\/wp-content\/uploads\/2016\/11\/valse-montagne-django-reinhardt-reception-300x200.jpg 300w, https:\/\/www.zagreb.jazztzigane.com\/wp-content\/uploads\/2016\/11\/valse-montagne-django-reinhardt-reception-768x512.jpg 768w, https:\/\/www.zagreb.jazztzigane.com\/wp-content\/uploads\/2016\/11\/valse-montagne-django-reinhardt-reception-705x470.jpg 705w, https:\/\/www.zagreb.jazztzigane.com\/wp-content\/uploads\/2016\/11\/valse-montagne-django-reinhardt-reception-450x300.jpg 450w, https:\/\/www.zagreb.jazztzigane.com\/wp-content\/uploads\/2016\/11\/valse-montagne-django-reinhardt-reception.jpg 1200w\" data-sizes=\"(max-width: 1030px) 100vw, 1030px\" data-rel='slide-1' class='slide-image' title='' ><span class='av-partner-fake-img' style='padding-bottom:66.699029126214%; background-image:url(https:\/\/www.zagreb.jazztzigane.com\/wp-content\/uploads\/2016\/11\/valse-montagne-django-reinhardt-reception-1030x687.jpg);'><\/span><\/a><\/div><div  class='slide-entry av-av_partner_logo-ee778f247c4c1f33246db9971d9ec575 flex_column no_margin av_one_third real-thumbnail post-entry slide-entry-overview slide-loop-9 slide-parity-odd post-entry-last '><a href=\"https:\/\/www.zagreb.jazztzigane.com\/wp-content\/uploads\/2016\/11\/marche-de-noel-animation-musicale-1030x687.jpg\" data-srcset=\"https:\/\/www.zagreb.jazztzigane.com\/wp-content\/uploads\/2016\/11\/marche-de-noel-animation-musicale-1030x687.jpg 1030w, https:\/\/www.zagreb.jazztzigane.com\/wp-content\/uploads\/2016\/11\/marche-de-noel-animation-musicale-300x200.jpg 300w, https:\/\/www.zagreb.jazztzigane.com\/wp-content\/uploads\/2016\/11\/marche-de-noel-animation-musicale-768x512.jpg 768w, https:\/\/www.zagreb.jazztzigane.com\/wp-content\/uploads\/2016\/11\/marche-de-noel-animation-musicale-705x470.jpg 705w, https:\/\/www.zagreb.jazztzigane.com\/wp-content\/uploads\/2016\/11\/marche-de-noel-animation-musicale-450x300.jpg 450w, https:\/\/www.zagreb.jazztzigane.com\/wp-content\/uploads\/2016\/11\/marche-de-noel-animation-musicale.jpg 1200w\" data-sizes=\"(max-width: 1030px) 100vw, 1030px\" data-rel='slide-1' class='slide-image' title='' ><span class='av-partner-fake-img' style='padding-bottom:66.699029126214%; background-image:url(https:\/\/www.zagreb.jazztzigane.com\/wp-content\/uploads\/2016\/11\/marche-de-noel-animation-musicale-1030x687.jpg);'><\/span><\/a><\/div><\/div><\/div><div class='avia-slideshow-dots avia-slideshow-controls'><a href='#1' class='goto-slide active' >1<\/a><a href='#2' class='goto-slide ' >2<\/a><a href='#3' class='goto-slide ' >3<\/a><\/div><\/div><\/div>\n<\/div><\/div><\/div><!-- close content main div --><\/div><\/div><div id='after_section_4'  class='main_color av_default_container_wrap container_wrap sidebar_right'  ><div class='container av-section-cont-open' ><div class='template-page content  av-content-small alpha units'><div class='post-entry post-entry-type-page post-entry-633'><div class='entry-content-wrapper clearfix'>\n<div  class='avia-testimonial-wrapper av-av_testimonials-7a7ef999f66c429d304c8dd1fe928ff4 avia-grid-testimonials avia-grid-1-testimonials avia_animate_when_almost_visible' >\n<section class=\"avia-testimonial-row\"><div class='avia-testimonial av-av_testimonial_single-74f3bef1a32e563bea6369bb7a794dcb avia-testimonial-row-1 avia-first-testimonial flex_column no_margin av_one_full'><div class='avia-testimonial_inner'  itemscope=\"itemscope\" itemtype=\"https:\/\/schema.org\/CreativeWork\" ><div class='avia-testimonial-content '><div class='avia-testimonial-markup-entry-content'  itemprop=\"text\" ><h1 style=\"text-align: justify;\" data-r=\"j\" data-dep=\"58\">\u00ab\u00a0Zagreb a enflamm\u00e9 le festival du Sauzay\u00a0\u00bb<\/h1>\n<p style=\"text-align: justify;\">\u00ab\u00a0Jeunesse, virtuosit\u00e9, humour, accords d\u00e9brid\u00e9s\u2026 Rien n&rsquo;a manqu\u00e9, vendredi soir, au groupe Zagreb pour embraser, avec ses accords de jazz manouche, la nef archicomble de l&rsquo;\u00e9glise entra\u00eenoise<\/p>\n<div class=\"detailArticlePub p402_hide\" style=\"text-align: justify;\"><\/div>\n<p style=\"text-align: justify;\">\u00c0 les voir affoler les cordes, grimper dans les gammes chromatiques ou diminuer les arp\u00e8ges, ces quatre lascars-l\u00e0 n&rsquo;ont eu aucun mal \u00e0 s\u00e9duire l&rsquo;auditoire, surtout que celui-ci \u00e9tait d\u00e9j\u00e0 bien accro au style manouche.<\/p>\n<h4 style=\"text-align: justify;\" data-r=\"j\" data-dep=\"58\"><span class=\"intertitre\">Pr\u00e9cision rythmique et compositions personnelles:<\/span><\/h4>\n<p style=\"text-align: justify;\">\u00c0 la barre, sourire en coin, Fr\u00e9d\u00e9ric Simon a men\u00e9 la danse \u00e0 la guitare acoustique, relay\u00e9 par son complice J\u00e9r\u00f4me Rapicault \u00e0 la basse. \u00c0 l&rsquo;arri\u00e8re, les doigts de Nicolas Selingant ont virevolt\u00e9 sur la contrebasse et, pour compl\u00e9ter le quartet, Osgur Canbulat, au saxophone, a soulign\u00e9 les influences orientales. Leurs points communs : la pr\u00e9cision rythmique (dans des morceaux comme\u00a0<span id=\"U1040466577165raG\">Swing for tif, Goulash breakdance<\/span>\u2026), des arrangements tarabiscot\u00e9s et des compositions personnelles (\u00a0<span id=\"U1040466577165t0\">Valse du chien qui dort, Le petit dernier, Carpharna\u00fcm<\/span>\u2026), et leur d\u00e9votion au ma\u00eetre du genre, Django Reinhardt, \u00e9voqu\u00e9 par des succ\u00e8s tels que\u00a0<span id=\"U104046657716537E\">Daphn\u00e9e, Les yeux noirs, Nuages, Hungaria\u2026<\/span>.Et pour conclure, un tonitruant d\u00e9part en\u00a0<span id=\"U1040466577165kZC\">Caravan de Duke Ellington.\u00a0\u00bb<\/span><\/p>\n<\/div><\/div><div class=\"avia-testimonial-meta\"><div class=\"avia-testimonial-arrow-wrap\"><div class=\"avia-arrow\"><\/div><\/div><div class='avia-testimonial-meta-mini'  itemprop=\"author\" itemscope=\"itemscope\" itemtype=\"https:\/\/schema.org\/Person\" ><strong  class='avia-testimonial-name'  itemprop=\"name\" >Journal du Centre<\/strong><span  class='avia-testimonial-subtitle '  itemprop=\"jobTitle\" >Festival jazz manouche du Sauzay<\/span><\/div><\/div><\/div><\/div><\/section>\n<\/div>\n\n<style type=\"text\/css\" data-created_by=\"avia_inline_auto\" id=\"style-css-av-av_one_full-0b2ed9498a5df6d7444ca28032fb7c0b\">\n.flex_column.av-av_one_full-0b2ed9498a5df6d7444ca28032fb7c0b{\nborder-radius:0px 0px 0px 0px;\npadding:0px 0px 70px 0px;\n}\n<\/style>\n<div  class='flex_column av-av_one_full-0b2ed9498a5df6d7444ca28032fb7c0b av_one_full  avia-builder-el-32  el_after_av_testimonials  avia-builder-el-last  first flex_column_div av-animated-generic pop-up  '     ><style type=\"text\/css\" data-created_by=\"avia_inline_auto\" id=\"style-css-av-av_font_icon-626ba541070836d0ff50427c37639e2e\">\n.av_font_icon.av-av_font_icon-626ba541070836d0ff50427c37639e2e{\ncolor:#000000;\nborder-color:#000000;\n}\n.av_font_icon.av-av_font_icon-626ba541070836d0ff50427c37639e2e .av-icon-char{\nfont-size:40px;\nline-height:40px;\n}\n<\/style>\n<span  class='av_font_icon av-av_font_icon-626ba541070836d0ff50427c37639e2e avia_animate_when_visible av-icon-style- avia-icon-pos-center avia-icon-animate'><span class='av-icon-char' aria-hidden='true' data-av_icon='\ue808' data-av_iconfont='entypo-fontello' ><\/span><\/span><\/div>\n","protected":false},"excerpt":{"rendered":"","protected":false},"author":2,"featured_media":0,"parent":0,"menu_order":4,"comment_status":"closed","ping_status":"closed","template":"","meta":{"footnotes":""},"_links":{"self":[{"href":"https:\/\/www.zagreb.jazztzigane.com\/index.php\/wp-json\/wp\/v2\/pages\/633"}],"collection":[{"href":"https:\/\/www.zagreb.jazztzigane.com\/index.php\/wp-json\/wp\/v2\/pages"}],"about":[{"href":"https:\/\/www.zagreb.jazztzigane.com\/index.php\/wp-json\/wp\/v2\/types\/page"}],"author":[{"embeddable":true,"href":"https:\/\/www.zagreb.jazztzigane.com\/index.php\/wp-json\/wp\/v2\/users\/2"}],"replies":[{"embeddable":true,"href":"https:\/\/www.zagreb.jazztzigane.com\/index.php\/wp-json\/wp\/v2\/comments?post=633"}],"version-history":[{"count":206,"href":"https:\/\/www.zagreb.jazztzigane.com\/index.php\/wp-json\/wp\/v2\/pages\/633\/revisions"}],"predecessor-version":[{"id":1732,"href":"https:\/\/www.zagreb.jazztzigane.com\/index.php\/wp-json\/wp\/v2\/pages\/633\/revisions\/1732"}],"wp:attachment":[{"href":"https:\/\/www.zagreb.jazztzigane.com\/index.php\/wp-json\/wp\/v2\/media?parent=633"}],"curies":[{"name":"wp","href":"https:\/\/api.w.org\/{rel}","templated":true}]}}